{"id":1872,"date":"2025-05-04T23:33:19","date_gmt":"2025-05-04T23:33:19","guid":{"rendered":"https:\/\/cfbbamazonia.org\/?page_id=1872"},"modified":"2025-05-04T23:37:28","modified_gmt":"2025-05-04T23:37:28","slug":"universidade-federal-do-para","status":"publish","type":"page","link":"https:\/\/cfbbamazonia.org\/fr\/universidade-federal-do-para\/","title":{"rendered":"Universidade Federal do Par\u00e1"},"content":{"rendered":"<div data-elementor-type=\"wp-page\" data-elementor-id=\"1872\" class=\"elementor elementor-1872\">\n\t\t\t\t<div class=\"elementor-element elementor-element-8e2db6a e-flex e-con-boxed wpr-particle-no wpr-jarallax-no wpr-parallax-no wpr-sticky-section-no wpr-equal-height-no e-con e-parent\" data-id=\"8e2db6a\" data-element_type=\"container\" data-e-type=\"container\">\n\t\t\t\t\t<div class=\"e-con-inner\">\n\t\t\t\t<div class=\"elementor-element elementor-element-7d529e4 elementor-widget elementor-widget-heading\" data-id=\"7d529e4\" data-element_type=\"widget\" data-e-type=\"widget\" data-widget_type=\"heading.default\">\n\t\t\t\t<div class=\"elementor-widget-container\">\n\t\t\t\t\t<h2 class=\"elementor-heading-title elementor-size-default\">Universidade Federal do Par\u00e1<\/h2>\t\t\t\t<\/div>\n\t\t\t\t<\/div>\n\t\t\t\t<div class=\"elementor-element elementor-element-63abe0a elementor-widget-divider--view-line elementor-widget elementor-widget-divider\" data-id=\"63abe0a\" data-element_type=\"widget\" data-e-type=\"widget\" data-widget_type=\"divider.default\">\n\t\t\t\t<div class=\"elementor-widget-container\">\n\t\t\t\t\t\t\t<div class=\"elementor-divider\">\n\t\t\t<span class=\"elementor-divider-separator\">\n\t\t\t\t\t\t<\/span>\n\t\t<\/div>\n\t\t\t\t\t\t<\/div>\n\t\t\t\t<\/div>\n\t\t\t\t\t<\/div>\n\t\t\t\t<\/div>\n\t\t<div class=\"elementor-element elementor-element-4da1af0 e-flex e-con-boxed wpr-particle-no wpr-jarallax-no wpr-parallax-no wpr-sticky-section-no wpr-equal-height-no e-con e-parent\" data-id=\"4da1af0\" data-element_type=\"container\" data-e-type=\"container\">\n\t\t\t\t\t<div class=\"e-con-inner\">\n\t\t\t\t<div class=\"elementor-element elementor-element-b2828a8 elementor-widget__width-initial elementor-widget elementor-widget-text-editor\" data-id=\"b2828a8\" data-element_type=\"widget\" data-e-type=\"widget\" data-widget_type=\"text-editor.default\">\n\t\t\t\t<div class=\"elementor-widget-container\">\n\t\t\t\t\t\t\t\t\t<p>A Universidade Federal do Par\u00e1 texto texto texto texto texto texto\u00a0 texto texto texto texto texto texto texto texto texto texto texto texto texto texto texto texto texto texto texto texto texto texto texto texto texto texto texto texto texto texto texto texto texto texto texto texto texto texto texto texto texto texto texto texto texto texto texto texto texto texto texto texto texto texto texto texto texto texto texto texto texto texto texto texto texto texto texto texto texto texto texto texto texto texto texto texto texto texto texto texto texto texto texto texto texto texto texto texto texto texto texto texto texto texto texto texto texto texto texto texto texto texto\u00a0<\/p>\t\t\t\t\t\t\t\t<\/div>\n\t\t\t\t<\/div>\n\t\t\t\t\t<\/div>\n\t\t\t\t<\/div>\n\t\t<div class=\"elementor-element elementor-element-66b8dc4 e-flex e-con-boxed wpr-particle-no wpr-jarallax-no wpr-parallax-no wpr-sticky-section-no wpr-equal-height-no e-con e-parent\" data-id=\"66b8dc4\" data-element_type=\"container\" data-e-type=\"container\">\n\t\t\t\t\t<div class=\"e-con-inner\">\n\t\t\t\t<div class=\"elementor-element elementor-element-bcb1e94 elementor-widget-divider--view-line elementor-widget elementor-widget-divider\" data-id=\"bcb1e94\" data-element_type=\"widget\" data-e-type=\"widget\" data-widget_type=\"divider.default\">\n\t\t\t\t<div class=\"elementor-widget-container\">\n\t\t\t\t\t\t\t<div class=\"elementor-divider\">\n\t\t\t<span class=\"elementor-divider-separator\">\n\t\t\t\t\t\t<\/span>\n\t\t<\/div>\n\t\t\t\t\t\t<\/div>\n\t\t\t\t<\/div>\n\t\t\t\t\t<\/div>\n\t\t\t\t<\/div>\n\t\t\t\t<\/div>","protected":false},"excerpt":{"rendered":"<p>Universidade Federal do Par\u00e1 A Universidade Federal do Par\u00e1 texto texto texto texto texto texto\u00a0 texto texto texto texto texto texto texto texto texto texto texto texto texto texto texto texto texto texto texto texto texto texto texto texto texto texto texto texto texto texto texto texto texto texto texto texto texto texto texto texto texto texto texto texto texto texto texto texto texto texto texto texto texto texto texto texto texto texto texto texto texto texto texto texto texto texto texto texto texto texto texto texto texto texto texto texto texto texto texto texto texto texto texto texto texto texto texto texto texto texto texto texto texto texto texto texto texto texto texto texto texto texto\u00a0<\/p>","protected":false},"author":1,"featured_media":0,"parent":0,"menu_order":0,"comment_status":"closed","ping_status":"closed","template":"elementor_header_footer","meta":{"footnotes":""},"class_list":["post-1872","page","type-page","status-publish","hentry"],"yoast_head":"<!-- This site is optimized with the Yoast SEO plugin v27.4 - https:\/\/yoast.com\/product\/yoast-seo-wordpress\/ -->\n<title>Universidade Federal do Par\u00e1 - CFBB AMAZ\u00d4NIA - Centro Franco-Brasileiro da Biodiversidade Amaz\u00f4nica<\/title>\n<meta name=\"robots\" content=\"index, follow, max-snippet:-1, max-image-preview:large, max-video-preview:-1\" \/>\n<link rel=\"canonical\" href=\"https:\/\/cfbbamazonia.org\/fr\/universidade-federal-do-para\/\" \/>\n<meta property=\"og:locale\" content=\"fr_FR\" \/>\n<meta property=\"og:type\" content=\"article\" \/>\n<meta property=\"og:title\" content=\"Universidade Federal do Par\u00e1 - CFBB AMAZ\u00d4NIA - Centro Franco-Brasileiro da Biodiversidade Amaz\u00f4nica\" \/>\n<meta property=\"og:description\" content=\"Universidade Federal do Par\u00e1 A Universidade Federal do Par\u00e1 texto texto texto texto texto texto\u00a0 texto texto texto texto texto texto texto texto texto texto texto texto texto texto texto texto texto texto texto texto texto texto texto texto texto texto texto texto texto texto texto texto texto texto texto texto texto texto texto texto texto texto texto texto texto texto texto texto texto texto texto texto texto texto texto texto texto texto texto texto texto texto texto texto texto texto texto texto texto texto texto texto texto texto texto texto texto texto texto texto texto texto texto texto texto texto texto texto texto texto texto texto texto texto texto texto texto texto texto texto texto texto\u00a0\" \/>\n<meta property=\"og:url\" content=\"https:\/\/cfbbamazonia.org\/fr\/universidade-federal-do-para\/\" \/>\n<meta property=\"og:site_name\" content=\"CFBB AMAZ\u00d4NIA - Centro Franco-Brasileiro da Biodiversidade Amaz\u00f4nica\" \/>\n<meta property=\"article:modified_time\" content=\"2025-05-04T23:37:28+00:00\" \/>\n<meta name=\"twitter:card\" content=\"summary_large_image\" \/>\n<meta name=\"twitter:label1\" content=\"Dur\u00e9e de lecture estim\u00e9e\" \/>\n\t<meta name=\"twitter:data1\" content=\"1 minute\" \/>\n<script type=\"application\/ld+json\" class=\"yoast-schema-graph\">{\"@context\":\"https:\\\/\\\/schema.org\",\"@graph\":[{\"@type\":\"WebPage\",\"@id\":\"https:\\\/\\\/cfbbamazonia.org\\\/universidade-federal-do-para\\\/\",\"url\":\"https:\\\/\\\/cfbbamazonia.org\\\/universidade-federal-do-para\\\/\",\"name\":\"Universidade Federal do Par\u00e1 - CFBB AMAZ\u00d4NIA - Centro Franco-Brasileiro da Biodiversidade Amaz\u00f4nica\",\"isPartOf\":{\"@id\":\"https:\\\/\\\/cfbbamazonia.org\\\/#website\"},\"datePublished\":\"2025-05-04T23:33:19+00:00\",\"dateModified\":\"2025-05-04T23:37:28+00:00\",\"breadcrumb\":{\"@id\":\"https:\\\/\\\/cfbbamazonia.org\\\/universidade-federal-do-para\\\/#breadcrumb\"},\"inLanguage\":\"fr-FR\",\"potentialAction\":[{\"@type\":\"ReadAction\",\"target\":[\"https:\\\/\\\/cfbbamazonia.org\\\/universidade-federal-do-para\\\/\"]}]},{\"@type\":\"BreadcrumbList\",\"@id\":\"https:\\\/\\\/cfbbamazonia.org\\\/universidade-federal-do-para\\\/#breadcrumb\",\"itemListElement\":[{\"@type\":\"ListItem\",\"position\":1,\"name\":\"In\u00edcio\",\"item\":\"https:\\\/\\\/cfbbamazonia.org\\\/\"},{\"@type\":\"ListItem\",\"position\":2,\"name\":\"Universidade Federal do Par\u00e1\"}]},{\"@type\":\"WebSite\",\"@id\":\"https:\\\/\\\/cfbbamazonia.org\\\/#website\",\"url\":\"https:\\\/\\\/cfbbamazonia.org\\\/\",\"name\":\"Centro Franco-Brasileiro de Biodiversidade Amaz\u00f4nica\",\"description\":\"CFBB AMAZ\u00d4NIA\",\"publisher\":{\"@id\":\"https:\\\/\\\/cfbbamazonia.org\\\/#organization\"},\"potentialAction\":[{\"@type\":\"SearchAction\",\"target\":{\"@type\":\"EntryPoint\",\"urlTemplate\":\"https:\\\/\\\/cfbbamazonia.org\\\/?s={search_term_string}\"},\"query-input\":{\"@type\":\"PropertyValueSpecification\",\"valueRequired\":true,\"valueName\":\"search_term_string\"}}],\"inLanguage\":\"fr-FR\"},{\"@type\":\"Organization\",\"@id\":\"https:\\\/\\\/cfbbamazonia.org\\\/#organization\",\"name\":\"Centro Franco-Brasileiro de Biodiversidade Amaz\u00f4nica\",\"url\":\"https:\\\/\\\/cfbbamazonia.org\\\/\",\"logo\":{\"@type\":\"ImageObject\",\"inLanguage\":\"fr-FR\",\"@id\":\"https:\\\/\\\/cfbbamazonia.org\\\/#\\\/schema\\\/logo\\\/image\\\/\",\"url\":\"https:\\\/\\\/cfbbamazonia.org\\\/wp-content\\\/uploads\\\/2025\\\/05\\\/Elemento-Colorido-Passaro.svg\",\"contentUrl\":\"https:\\\/\\\/cfbbamazonia.org\\\/wp-content\\\/uploads\\\/2025\\\/05\\\/Elemento-Colorido-Passaro.svg\",\"width\":1780,\"height\":1858,\"caption\":\"Centro Franco-Brasileiro de Biodiversidade Amaz\u00f4nica\"},\"image\":{\"@id\":\"https:\\\/\\\/cfbbamazonia.org\\\/#\\\/schema\\\/logo\\\/image\\\/\"},\"sameAs\":[\"https:\\\/\\\/www.instagram.com\\\/cfbbamazonia\\\/\",\"https:\\\/\\\/www.linkedin.com\\\/company\\\/centre-franco-brsilien-de-la-biodiversit-amazonienne\\\/?viewAsMember=true\"]}]}<\/script>\n<!-- \/ Yoast SEO plugin. -->","yoast_head_json":{"title":"Universidade Federal do Par\u00e1 - CFBB AMAZ\u00d4NIA - Centro Franco-Brasileiro da Biodiversidade Amaz\u00f4nica","robots":{"index":"index","follow":"follow","max-snippet":"max-snippet:-1","max-image-preview":"max-image-preview:large","max-video-preview":"max-video-preview:-1"},"canonical":"https:\/\/cfbbamazonia.org\/fr\/universidade-federal-do-para\/","og_locale":"fr_FR","og_type":"article","og_title":"Universidade Federal do Par\u00e1 - CFBB AMAZ\u00d4NIA - Centro Franco-Brasileiro da Biodiversidade Amaz\u00f4nica","og_description":"Universidade Federal do Par\u00e1 A Universidade Federal do Par\u00e1 texto texto texto texto texto texto\u00a0 texto texto texto texto texto texto texto texto texto texto texto texto texto texto texto texto texto texto texto texto texto texto texto texto texto texto texto texto texto texto texto texto texto texto texto texto texto texto texto texto texto texto texto texto texto texto texto texto texto texto texto texto texto texto texto texto texto texto texto texto texto texto texto texto texto texto texto texto texto texto texto texto texto texto texto texto texto texto texto texto texto texto texto texto texto texto texto texto texto texto texto texto texto texto texto texto texto texto texto texto texto texto\u00a0","og_url":"https:\/\/cfbbamazonia.org\/fr\/universidade-federal-do-para\/","og_site_name":"CFBB AMAZ\u00d4NIA - Centro Franco-Brasileiro da Biodiversidade Amaz\u00f4nica","article_modified_time":"2025-05-04T23:37:28+00:00","twitter_card":"summary_large_image","twitter_misc":{"Dur\u00e9e de lecture estim\u00e9e":"1 minute"},"schema":{"@context":"https:\/\/schema.org","@graph":[{"@type":"WebPage","@id":"https:\/\/cfbbamazonia.org\/universidade-federal-do-para\/","url":"https:\/\/cfbbamazonia.org\/universidade-federal-do-para\/","name":"Universidade Federal do Par\u00e1 - CFBB AMAZ\u00d4NIA - Centro Franco-Brasileiro da Biodiversidade Amaz\u00f4nica","isPartOf":{"@id":"https:\/\/cfbbamazonia.org\/#website"},"datePublished":"2025-05-04T23:33:19+00:00","dateModified":"2025-05-04T23:37:28+00:00","breadcrumb":{"@id":"https:\/\/cfbbamazonia.org\/universidade-federal-do-para\/#breadcrumb"},"inLanguage":"fr-FR","potentialAction":[{"@type":"ReadAction","target":["https:\/\/cfbbamazonia.org\/universidade-federal-do-para\/"]}]},{"@type":"BreadcrumbList","@id":"https:\/\/cfbbamazonia.org\/universidade-federal-do-para\/#breadcrumb","itemListElement":[{"@type":"ListItem","position":1,"name":"In\u00edcio","item":"https:\/\/cfbbamazonia.org\/"},{"@type":"ListItem","position":2,"name":"Universidade Federal do Par\u00e1"}]},{"@type":"WebSite","@id":"https:\/\/cfbbamazonia.org\/#website","url":"https:\/\/cfbbamazonia.org\/","name":"Centre Franco-Br\u00e9silien pour la Biodiversit\u00e9 Amazonienne","description":"CFBB AMAZ\u00d4NIA","publisher":{"@id":"https:\/\/cfbbamazonia.org\/#organization"},"potentialAction":[{"@type":"SearchAction","target":{"@type":"EntryPoint","urlTemplate":"https:\/\/cfbbamazonia.org\/?s={search_term_string}"},"query-input":{"@type":"PropertyValueSpecification","valueRequired":true,"valueName":"search_term_string"}}],"inLanguage":"fr-FR"},{"@type":"Organization","@id":"https:\/\/cfbbamazonia.org\/#organization","name":"Centre Franco-Br\u00e9silien pour la Biodiversit\u00e9 Amazonienne","url":"https:\/\/cfbbamazonia.org\/","logo":{"@type":"ImageObject","inLanguage":"fr-FR","@id":"https:\/\/cfbbamazonia.org\/#\/schema\/logo\/image\/","url":"https:\/\/cfbbamazonia.org\/wp-content\/uploads\/2025\/05\/Elemento-Colorido-Passaro.svg","contentUrl":"https:\/\/cfbbamazonia.org\/wp-content\/uploads\/2025\/05\/Elemento-Colorido-Passaro.svg","width":1780,"height":1858,"caption":"Centro Franco-Brasileiro de Biodiversidade Amaz\u00f4nica"},"image":{"@id":"https:\/\/cfbbamazonia.org\/#\/schema\/logo\/image\/"},"sameAs":["https:\/\/www.instagram.com\/cfbbamazonia\/","https:\/\/www.linkedin.com\/company\/centre-franco-brsilien-de-la-biodiversit-amazonienne\/?viewAsMember=true"]}]}},"_links":{"self":[{"href":"https:\/\/cfbbamazonia.org\/fr\/wp-json\/wp\/v2\/pages\/1872","targetHints":{"allow":["GET"]}}],"collection":[{"href":"https:\/\/cfbbamazonia.org\/fr\/wp-json\/wp\/v2\/pages"}],"about":[{"href":"https:\/\/cfbbamazonia.org\/fr\/wp-json\/wp\/v2\/types\/page"}],"author":[{"embeddable":true,"href":"https:\/\/cfbbamazonia.org\/fr\/wp-json\/wp\/v2\/users\/1"}],"replies":[{"embeddable":true,"href":"https:\/\/cfbbamazonia.org\/fr\/wp-json\/wp\/v2\/comments?post=1872"}],"version-history":[{"count":8,"href":"https:\/\/cfbbamazonia.org\/fr\/wp-json\/wp\/v2\/pages\/1872\/revisions"}],"predecessor-version":[{"id":1967,"href":"https:\/\/cfbbamazonia.org\/fr\/wp-json\/wp\/v2\/pages\/1872\/revisions\/1967"}],"wp:attachment":[{"href":"https:\/\/cfbbamazonia.org\/fr\/wp-json\/wp\/v2\/media?parent=1872"}],"curies":[{"name":"wp","href":"https:\/\/api.w.org\/{rel}","templated":true}]}}